{"vid":"V1101","name":"linea_men","file_id":"F6","var_dcml":"0","var_intrvl":"discrete","var_width":"2","labl":"N\u00famero de l\u00ednea del menor","var_imputation":"No se imputan datos","var_security":"Es de acceso p\u00fablico","var_respunit":"Persona de 15 a\u00f1os o m\u00e1s, miembro del hogar entrevistado.","var_qstn_qstnlit":"Al ser un registro propio de la base de datos no necesita ser indagado.","var_qstn_postqtxt":"El entrevistador cuenta con opciones de respuestas pre-codificadas y espacios donde anotar las respuestas cuando se requiera.\n\nDe forma similar el entrevistador cuenta con recuadros sombreados con llamados de atenci\u00f3n para una mejor entrevista y m\u00e1s fluidez en la misma.","var_qstn_ivulnstr":"No se hace referencia a esta variable por ser un registro propio de la base de datos.","var_val_range":[{"units":null,"min":"2","max":"14"}],"var_universe":"Total de menores a los que se les aplic\u00f3 el m\u00f3dulo de Lactancia Materna y Vacunaci\u00f3n","universe_clusion":"I","var_sumstat":[{"value":"9746","type":"vald"},{"value":"35393","type":"invd"}],"var_txt":"Variable del M\u00f3dulo de Lactancia Materna y Vacunaci\u00f3n.\n\nCorresponde al n\u00famero de l\u00ednea del menor, su registro ya se ha dado desde la secci\u00f3n de Caracter\u00edsticas Sociodemogr\u00e1ficas (Secci\u00f3n B).","var_codeinstr":"Esta variable se utiliza con fines de tabulaci\u00f3n, cualquier recodificaci\u00f3n es de inter\u00e9s del usuario.","var_format":"numeric","var_format_schema":"other","fid":"F6","sid":"109","survey_idno":"INEC-EHPM-2006"}