{"vid":"V1103","name":"lac03","file_id":"F6","var_dcml":"0","var_intrvl":"discrete","var_width":"2","labl":"Edad del menor","var_imputation":"No se imputan datos","var_security":"Es de acceso p\u00fablico","var_respunit":"Persona de 15 a\u00f1os o m\u00e1s, miembro del hogar entrevistado.","var_qstn_preqtxt":"La pregunta es le\u00edda textualmente, la respuesta dada por el informante se contrasta con la edad reportada previamente en la secci\u00f3n B.","var_qstn_qstnlit":"\u00bfCu\u00e1l es la edad de (nombre) en meses cumplidos?","var_qstn_postqtxt":"El entrevistador cuenta con opciones de respuestas pre-codificadas y espacios donde anotar las respuestas cuando se requiera.\n\nDe forma similar el entrevistador cuenta con recuadros sombreados con llamados de atenci\u00f3n para una mejor entrevista y m\u00e1s fluidez en la misma.","var_qstn_ivulnstr":"Los datos del encabezado son los mismos que se van a utilizar para llenar el m\u00f3dulo de vacunaci\u00f3n, por lo que debe anotarlos muy cuidadosamente, para esto pregunte a la madre o encargado del ni\u00f1o, la edad exacta del menor, la cual debe ser anotada en \u201cn\u00famero de meses\u201d (a dos d\u00edgitos) o bien marcar el c\u00f3digo 00 si es menor de un mes, su respectiva fecha de nacimiento, el nombre y n\u00famero de l\u00ednea del ni\u00f1o y su madre, puede tomarlo de la secci\u00f3n B donde previamente ya fueron anotados.","var_val_range":[{"units":null,"min":"0","max":"99"}],"var_universe":"Edad de los menores de 3 a\u00f1os a los que se les aplic\u00f3 el m\u00f3dulo de Lactancia Materna y Vacunaci\u00f3n.","universe_clusion":"I","var_sumstat":[{"value":"9746","type":"vald"},{"value":"35393","type":"invd"}],"var_txt":"Variable del M\u00f3dulo de Lactancia Materna y Vacunaci\u00f3n\n\nEsta variable registra la edad en meses del menor, previamente se ha registrado la edad en la secci\u00f3n de caracter\u00edsticas sociodemogr\u00e1ficas, lo que se hace es un detalle en meses de esa edad.","var_codeinstr":"Esta variable se utiliza con fines de tabulaci\u00f3n, cualquier recodificaci\u00f3n es de inter\u00e9s del usuario.","var_format":"numeric","var_format_schema":"other","fid":"F6","sid":"109","survey_idno":"INEC-EHPM-2006"}