{"vid":"V1108","name":"lac06","file_id":"F6","var_dcml":"0","var_intrvl":"discrete","var_width":"2","labl":"De cu\u00e1ntos meses le quit\u00f3 leche materna","var_imputation":"No se imputan datos","var_security":"Es de acceso p\u00fablico","var_respunit":"Persona de 15 a\u00f1os o m\u00e1s, miembro del hogar entrevistado.","var_qstn_preqtxt":"La pregunta es le\u00edda textualmente, se espera la respuesta del informante y se marca la respuesta correspondiente.","var_qstn_qstnlit":"\u00bfDe cu\u00e1ntos meses le quit\u00f3 definitivamente la leche materna?","var_qstn_postqtxt":"El entrevistador cuenta con opciones de respuestas pre-codificadas y espacios donde anotar las respuestas cuando se requiera.\n\nDe forma similar el entrevistador cuenta con recuadros sombreados con llamados de atenci\u00f3n para una mejor entrevista y m\u00e1s fluidez en la misma.","var_qstn_ivulnstr":"En esta pregunta es importante destacar la edad que ten\u00eda el ni\u00f1o cuando definitivamente se le suspendi\u00f3 la leche materna, es decir el momento en que se le comenz\u00f3 a alimentar en forma exclusiva con otro de tipo de leches o alimentos.\nUsted debe formular textualmente esta pregunta y anotar el n\u00famero de meses que ten\u00eda el menor cuando se le quit\u00f3 la leche materna, o bien marcar el c\u00f3digo 00 si fue antes del mes, o el c\u00f3digo 98 si a\u00fan le da de mamar.","var_val_range":[{"units":null,"min":"0","max":"99"}],"var_universe":"Edad en la cual se le termin\u00f3 de alimentar al menor con leche materna","universe_clusion":"I","var_sumstat":[{"value":"9337","type":"vald"},{"value":"35802","type":"invd"}],"var_txt":"Variable del M\u00f3dulo de Lactancia Materna y Vacunaci\u00f3n\n\nRegistra la edad en meses a partir de la cual se le quit\u00f3 definitivamente la leche materna al menor, este momento debe coincidir con el momento en donde se le empez\u00f3 a alimentar con otro tipo de alimento","var_catgry":[{"value":"0","labl":"Antes del mes","stats":null,"type":null},{"value":"98","labl":"A\u00fan le da de mamar","stats":null,"type":null},{"value":"99","labl":"Ignorado","stats":null,"type":null}],"var_codeinstr":"Esta variable se utiliza con fines de tabulaci\u00f3n, cualquier recodificaci\u00f3n es de inter\u00e9s del usuario.","var_format":"numeric","var_format_schema":"other","fid":"F6","sid":"109","survey_idno":"INEC-EHPM-2006"}