{"vid":"V935","name":"v16n1","file_id":"F6","var_dcml":"0","var_intrvl":"discrete","var_width":"1","var_rec_seg_no":"1","labl":"N\u00b0 de veh\u00edculos (no de trabajo) en la vivienda","var_imputation":"No se imputan datos.","var_security":"Es de acceso p\u00fablico","var_respunit":"Personas de 15 a\u00f1os o m\u00e1s de edad, que sea miembro de la familia","var_qstn_preqtxt":"La pregunta \u00bfcu\u00e1ntos veh\u00edculos tienen en esta vivienda? se plantea al informante y se espera que la persona contabilice este n\u00famero y se lo transmita al entrevistador quien transcribir\u00e1 este dato en el apartado correspondiente.","var_qstn_qstnlit":"La pregunta b\u00e1sicamente es la palabra \u00bfcu\u00e1ntos? y es precedida por la de tenencia de veh\u00edculo","var_qstn_postqtxt":"No existe gu\u00edas para esta pregunta, \u00fanicamente el espacio pre-establecido para registrar el n\u00famero de veh\u00edculos en la vivienda","var_qstn_ivulnstr":"La \u00fanica instrucci\u00f3n consignada en el manual del estrevistados hace alusi\u00f3n a que se anote en una misma cifra todos los veh\u00edculos de uso dom\u00e9stico en la vivienda, es decir, sumar los del hogar 1, hogar 2, etc.","var_val_range":[{"units":null,"min":"1","max":"9"}],"var_universe":"Cantidad de veh\u00edculos de uso dom\u00e9stico disponibles en las viviendas individuales","universe_clusion":"I","var_sumstat":[{"value":"12134","type":"vald"},{"value":"1340885","type":"vald"},{"value":"33005","type":"invd"},{"value":"3012958","type":"invd"}],"var_txt":"Esta variable complementa la v16n, registrando el n\u00famero de veh\u00edculo de uso dom\u00e9stico que hay en la vivivienda seleccionada. Si el veh\u00edculo es alquilado, cedido por la empresa, o se utiliza con fines laborales no se toma en cuenta.","var_catgry":[{"value":"1","labl":null,"stats":"1089821","type":"freq"},{"value":"2","labl":null,"stats":"196584","type":"freq"},{"value":"3","labl":null,"stats":"40052","type":"freq"},{"value":"4","labl":null,"stats":"7927","type":"freq"},{"value":"5","labl":null,"stats":"2124","type":"freq"},{"value":"6","labl":null,"stats":"723","type":"freq"},{"value":"9","labl":"Ignorado","stats":"3654","type":"freq"},{"value":"Sysmiss","labl":null,"stats":"3012958","type":"freq"}],"var_codeinstr":"Se usa con fines de tabulaci\u00f3n","var_format":"numeric","var_format_schema":"other","fid":"F6","sid":"109","survey_idno":"INEC-EHPM-2006"}